{"id":3923,"date":"2026-02-28T11:38:18","date_gmt":"2026-02-28T11:38:18","guid":{"rendered":"https:\/\/staging.massisouvenir.it\/prodotto\/quadro-san-pietro-roma-basilica\/"},"modified":"2026-04-29T16:18:26","modified_gmt":"2026-04-29T16:18:26","slug":"quadro-san-pietro-roma-basilica","status":"publish","type":"product","link":"https:\/\/staging.massisouvenir.it\/es\/prodotto\/quadro-san-pietro-roma-basilica\/","title":{"rendered":"Cuadro de recuerdo Roma Bas\u00edlica de San Pedro"},"content":{"rendered":"<h3>Plaza de San Pedro Roma<\/h3>\n<p data-path-to-node=\"13\"><b data-path-to-node=\"13\" data-index-in-node=\"0\">Caracter\u00edsticas t\u00e9cnicas:<\/b><\/p>\n<ul data-path-to-node=\"14\">\n<li>\n<p data-path-to-node=\"14,0,0\"><b data-path-to-node=\"14,0,0\" data-index-in-node=\"0\">Asunto:<\/b> Bas\u00edlica de San Pedro (Vaticano\/Roma).<\/p>\n<\/li>\n<li>\n<p data-path-to-node=\"14,1,0\"><b data-path-to-node=\"14,1,0\" data-index-in-node=\"0\">Material:<\/b> MDF con impresi\u00f3n acabada y marco efecto plateado.<\/p>\n<\/li>\n<li>\n<p data-path-to-node=\"14,2,0\"><b data-path-to-node=\"14,2,0\" data-index-in-node=\"0\">Soporte:<\/b> Pie met\u00e1lico desmontable.<\/p>\n<\/li>\n<li>\n<p data-path-to-node=\"14,3,0\"><b data-path-to-node=\"14,3,0\" data-index-in-node=\"0\">Tallas disponibles:<\/b><\/p>\n<ul data-path-to-node=\"14,3,1\">\n<li>\n<p data-path-to-node=\"14,3,1,1,0\">Medio: 11,5 x 17,5 cm<\/p>\n<\/li>\n<\/ul>\n<\/li>\n<\/ul>\n<p data-path-to-node=\"15\"><b data-path-to-node=\"15\" data-index-in-node=\"0\">Ideal para:<\/b> Quienes deseen conservar el recuerdo de un viaje a Roma, para coleccionistas de recuerdos o como peque\u00f1o detalle para amigos y familiares que regresan de una peregrinaci\u00f3n al Vaticano.<\/p>\n<p><strong><a href=\"https:\/\/staging.massisouvenir.it\/es\/contactos\/\" target=\"_blank\" rel=\"noopener\">Contacta con nosotros<\/a> <\/strong>para obtener informaci\u00f3n<\/p>\n<p><a href=\"https:\/\/www.instagram.com\/massi_souvenir\/\"><strong>S\u00edguenos en<\/strong><\/a> en nuestras redes sociales<\/p>\n","protected":false},"excerpt":{"rendered":"<p data-path-to-node=\"9\">Ll\u00e9vate a casa un trozo de la Ciudad Eterna con este exquisito cuadro que celebra la majestuosidad de <b data-path-to-node=\"9\" data-index-in-node=\"110\">Roma y San Pedro.<\/b> El cuadro reproduce fielmente la fachada de la Bas\u00edlica y la famosa C\u00fapula, s\u00edmbolo del cristianismo y del arte italiano, acompa\u00f1ada de la elegante inscripci\u00f3n &#8220;ROMA SAN PIETRO&#8221;. <\/p>\n<p data-path-to-node=\"9\">Perfecto como recuerdo o idea de regalo, este cuadro est\u00e1 dise\u00f1ado para adaptarse a tu espacio:<\/p>\n<ol start=\"1\" data-path-to-node=\"12\">\n<li>\n<p data-path-to-node=\"12,0,0\"><b data-path-to-node=\"12,0,0\" data-index-in-node=\"0\">Tablero:<\/b> Gracias al pie met\u00e1lico (incluido en la parte trasera), es ideal como adorno para el despacho, el sal\u00f3n o el dormitorio.<\/p>\n<\/li>\n<li>\n<p data-path-to-node=\"12,1,0\">Para colgar <b data-path-to-node=\"12,1,0\" data-index-in-node=\"0\">en la pared:<\/b> La estructura trasera permite colgarla f\u00e1cilmente en la pared, para crear peque\u00f1as composiciones dedicadas a los viajes o al arte.<\/p>\n<\/li>\n<\/ol>\n<ul data-path-to-node=\"14\">\n<li style=\"list-style-type: none;\">\n<\/li>\n<\/ul>\n","protected":false},"featured_media":2606,"template":"","meta":[],"product_brand":[],"product_cat":[246,274],"product_tag":[290,291,293,294,295,312,313,314],"class_list":{"0":"post-3923","1":"product","2":"type-product","3":"status-publish","4":"has-post-thumbnail","6":"product_cat-cuadros-de-madera","7":"product_cat-souvenirs","8":"product_tag-artigianato-italiano","9":"product_tag-idea-regalo","10":"product_tag-prodotti-in-legno","11":"product_tag-quadro","12":"product_tag-quadro-da-tavolo","13":"product_tag-roma","14":"product_tag-san-pietro","15":"product_tag-vaticano","17":"first","18":"instock","19":"taxable","20":"shipping-taxable","21":"purchasable","22":"product-type-simple"},"yoast_head":"<!-- This site is optimized with the Yoast SEO plugin v27.3 - https:\/\/yoast.com\/product\/yoast-seo-wordpress\/ -->\n<title>Plaza de San Pedro Roma<\/title>\n<meta name=\"description\" content=\"Plaza de San Pedro Roma, refinada placa con la Bas\u00edlica. Detalles plateados y soporte vers\u00e1til para cualquier entorno. El recuerdo perfecto del cristianismo.\" \/>\n<meta name=\"robots\" content=\"noindex, follow\" \/>\n<meta property=\"og:locale\" content=\"es_ES\" \/>\n<meta property=\"og:type\" content=\"article\" \/>\n<meta property=\"og:title\" content=\"Plaza de San Pedro Roma\" \/>\n<meta property=\"og:description\" content=\"Plaza de San Pedro Roma, refinada placa con la Bas\u00edlica. Detalles plateados y soporte vers\u00e1til para cualquier entorno. El recuerdo perfecto del cristianismo.\" \/>\n<meta property=\"og:url\" content=\"https:\/\/staging.massisouvenir.it\/es\/prodotto\/quadro-san-pietro-roma-basilica\/\" \/>\n<meta property=\"og:site_name\" content=\"Massisouvenir\" \/>\n<meta property=\"article:modified_time\" content=\"2026-04-29T16:18:26+00:00\" \/>\n<meta property=\"og:image\" content=\"https:\/\/staging.massisouvenir.it\/wp-content\/uploads\/2026\/02\/WhatsApp-Image-2026-02-28-at-12.14.12.jpeg\" \/>\n\t<meta property=\"og:image:width\" content=\"1512\" \/>\n\t<meta property=\"og:image:height\" content=\"1512\" \/>\n\t<meta property=\"og:image:type\" content=\"image\/jpeg\" \/>\n<meta name=\"twitter:card\" content=\"summary_large_image\" \/>\n<script type=\"application\/ld+json\" class=\"yoast-schema-graph\">{\"@context\":\"https:\\\/\\\/schema.org\",\"@graph\":[{\"@type\":\"WebPage\",\"@id\":\"https:\\\/\\\/staging.massisouvenir.it\\\/es\\\/prodotto\\\/quadro-san-pietro-roma-basilica\\\/\",\"url\":\"https:\\\/\\\/staging.massisouvenir.it\\\/es\\\/prodotto\\\/quadro-san-pietro-roma-basilica\\\/\",\"name\":\"Plaza de San Pedro Roma\",\"isPartOf\":{\"@id\":\"https:\\\/\\\/staging.massisouvenir.it\\\/es\\\/#website\"},\"primaryImageOfPage\":{\"@id\":\"https:\\\/\\\/staging.massisouvenir.it\\\/es\\\/prodotto\\\/quadro-san-pietro-roma-basilica\\\/#primaryimage\"},\"image\":{\"@id\":\"https:\\\/\\\/staging.massisouvenir.it\\\/es\\\/prodotto\\\/quadro-san-pietro-roma-basilica\\\/#primaryimage\"},\"thumbnailUrl\":\"https:\\\/\\\/staging.massisouvenir.it\\\/wp-content\\\/uploads\\\/2026\\\/02\\\/WhatsApp-Image-2026-02-28-at-12.14.12.jpeg\",\"datePublished\":\"2026-02-28T11:38:18+00:00\",\"dateModified\":\"2026-04-29T16:18:26+00:00\",\"description\":\"Plaza de San Pedro Roma, refinada placa con la Bas\u00edlica. Detalles plateados y soporte vers\u00e1til para cualquier entorno. El recuerdo perfecto del cristianismo.\",\"breadcrumb\":{\"@id\":\"https:\\\/\\\/staging.massisouvenir.it\\\/es\\\/prodotto\\\/quadro-san-pietro-roma-basilica\\\/#breadcrumb\"},\"inLanguage\":\"es\",\"potentialAction\":[{\"@type\":\"ReadAction\",\"target\":[\"https:\\\/\\\/staging.massisouvenir.it\\\/es\\\/prodotto\\\/quadro-san-pietro-roma-basilica\\\/\"]}]},{\"@type\":\"ImageObject\",\"inLanguage\":\"es\",\"@id\":\"https:\\\/\\\/staging.massisouvenir.it\\\/es\\\/prodotto\\\/quadro-san-pietro-roma-basilica\\\/#primaryimage\",\"url\":\"https:\\\/\\\/staging.massisouvenir.it\\\/wp-content\\\/uploads\\\/2026\\\/02\\\/WhatsApp-Image-2026-02-28-at-12.14.12.jpeg\",\"contentUrl\":\"https:\\\/\\\/staging.massisouvenir.it\\\/wp-content\\\/uploads\\\/2026\\\/02\\\/WhatsApp-Image-2026-02-28-at-12.14.12.jpeg\",\"width\":1512,\"height\":1512,\"caption\":\"Plaza de San Pedro Roma\"},{\"@type\":\"BreadcrumbList\",\"@id\":\"https:\\\/\\\/staging.massisouvenir.it\\\/es\\\/prodotto\\\/quadro-san-pietro-roma-basilica\\\/#breadcrumb\",\"itemListElement\":[{\"@type\":\"ListItem\",\"position\":1,\"name\":\"Home\",\"item\":\"https:\\\/\\\/staging.massisouvenir.it\\\/es\\\/\"},{\"@type\":\"ListItem\",\"position\":2,\"name\":\"Shop\",\"item\":\"https:\\\/\\\/staging.massisouvenir.it\\\/es\\\/shop\\\/\"},{\"@type\":\"ListItem\",\"position\":3,\"name\":\"Cuadro de recuerdo Roma Bas\u00edlica de San Pedro\"}]},{\"@type\":\"WebSite\",\"@id\":\"https:\\\/\\\/staging.massisouvenir.it\\\/es\\\/#website\",\"url\":\"https:\\\/\\\/staging.massisouvenir.it\\\/es\\\/\",\"name\":\"Massisouvenir\",\"description\":\"\",\"publisher\":{\"@id\":\"https:\\\/\\\/staging.massisouvenir.it\\\/es\\\/#organization\"},\"potentialAction\":[{\"@type\":\"SearchAction\",\"target\":{\"@type\":\"EntryPoint\",\"urlTemplate\":\"https:\\\/\\\/staging.massisouvenir.it\\\/es\\\/?s={search_term_string}\"},\"query-input\":{\"@type\":\"PropertyValueSpecification\",\"valueRequired\":true,\"valueName\":\"search_term_string\"}}],\"inLanguage\":\"es\"},{\"@type\":\"Organization\",\"@id\":\"https:\\\/\\\/staging.massisouvenir.it\\\/es\\\/#organization\",\"name\":\"Massisouvenir\",\"url\":\"https:\\\/\\\/staging.massisouvenir.it\\\/es\\\/\",\"logo\":{\"@type\":\"ImageObject\",\"inLanguage\":\"es\",\"@id\":\"https:\\\/\\\/staging.massisouvenir.it\\\/es\\\/#\\\/schema\\\/logo\\\/image\\\/\",\"url\":\"https:\\\/\\\/staging.massisouvenir.it\\\/wp-content\\\/uploads\\\/2025\\\/07\\\/Logo-Massi-Souvenir-2018-Roma-San-Pietro-02.png\",\"contentUrl\":\"https:\\\/\\\/staging.massisouvenir.it\\\/wp-content\\\/uploads\\\/2025\\\/07\\\/Logo-Massi-Souvenir-2018-Roma-San-Pietro-02.png\",\"width\":750,\"height\":489,\"caption\":\"Massisouvenir\"},\"image\":{\"@id\":\"https:\\\/\\\/staging.massisouvenir.it\\\/es\\\/#\\\/schema\\\/logo\\\/image\\\/\"}}]}<\/script>\n<!-- \/ Yoast SEO plugin. -->","yoast_head_json":{"title":"Plaza de San Pedro Roma","description":"Plaza de San Pedro Roma, refinada placa con la Bas\u00edlica. Detalles plateados y soporte vers\u00e1til para cualquier entorno. El recuerdo perfecto del cristianismo.","robots":{"index":"noindex","follow":"follow"},"og_locale":"es_ES","og_type":"article","og_title":"Plaza de San Pedro Roma","og_description":"Plaza de San Pedro Roma, refinada placa con la Bas\u00edlica. Detalles plateados y soporte vers\u00e1til para cualquier entorno. El recuerdo perfecto del cristianismo.","og_url":"https:\/\/staging.massisouvenir.it\/es\/prodotto\/quadro-san-pietro-roma-basilica\/","og_site_name":"Massisouvenir","article_modified_time":"2026-04-29T16:18:26+00:00","og_image":[{"width":1512,"height":1512,"url":"https:\/\/staging.massisouvenir.it\/wp-content\/uploads\/2026\/02\/WhatsApp-Image-2026-02-28-at-12.14.12.jpeg","type":"image\/jpeg"}],"twitter_card":"summary_large_image","schema":{"@context":"https:\/\/schema.org","@graph":[{"@type":"WebPage","@id":"https:\/\/staging.massisouvenir.it\/es\/prodotto\/quadro-san-pietro-roma-basilica\/","url":"https:\/\/staging.massisouvenir.it\/es\/prodotto\/quadro-san-pietro-roma-basilica\/","name":"Plaza de San Pedro Roma","isPartOf":{"@id":"https:\/\/staging.massisouvenir.it\/es\/#website"},"primaryImageOfPage":{"@id":"https:\/\/staging.massisouvenir.it\/es\/prodotto\/quadro-san-pietro-roma-basilica\/#primaryimage"},"image":{"@id":"https:\/\/staging.massisouvenir.it\/es\/prodotto\/quadro-san-pietro-roma-basilica\/#primaryimage"},"thumbnailUrl":"https:\/\/staging.massisouvenir.it\/wp-content\/uploads\/2026\/02\/WhatsApp-Image-2026-02-28-at-12.14.12.jpeg","datePublished":"2026-02-28T11:38:18+00:00","dateModified":"2026-04-29T16:18:26+00:00","description":"Plaza de San Pedro Roma, refinada placa con la Bas\u00edlica. Detalles plateados y soporte vers\u00e1til para cualquier entorno. El recuerdo perfecto del cristianismo.","breadcrumb":{"@id":"https:\/\/staging.massisouvenir.it\/es\/prodotto\/quadro-san-pietro-roma-basilica\/#breadcrumb"},"inLanguage":"es","potentialAction":[{"@type":"ReadAction","target":["https:\/\/staging.massisouvenir.it\/es\/prodotto\/quadro-san-pietro-roma-basilica\/"]}]},{"@type":"ImageObject","inLanguage":"es","@id":"https:\/\/staging.massisouvenir.it\/es\/prodotto\/quadro-san-pietro-roma-basilica\/#primaryimage","url":"https:\/\/staging.massisouvenir.it\/wp-content\/uploads\/2026\/02\/WhatsApp-Image-2026-02-28-at-12.14.12.jpeg","contentUrl":"https:\/\/staging.massisouvenir.it\/wp-content\/uploads\/2026\/02\/WhatsApp-Image-2026-02-28-at-12.14.12.jpeg","width":1512,"height":1512,"caption":"Plaza de San Pedro Roma"},{"@type":"BreadcrumbList","@id":"https:\/\/staging.massisouvenir.it\/es\/prodotto\/quadro-san-pietro-roma-basilica\/#breadcrumb","itemListElement":[{"@type":"ListItem","position":1,"name":"Home","item":"https:\/\/staging.massisouvenir.it\/es\/"},{"@type":"ListItem","position":2,"name":"Shop","item":"https:\/\/staging.massisouvenir.it\/es\/shop\/"},{"@type":"ListItem","position":3,"name":"Cuadro de recuerdo Roma Bas\u00edlica de San Pedro"}]},{"@type":"WebSite","@id":"https:\/\/staging.massisouvenir.it\/es\/#website","url":"https:\/\/staging.massisouvenir.it\/es\/","name":"Massisouvenir","description":"","publisher":{"@id":"https:\/\/staging.massisouvenir.it\/es\/#organization"},"potentialAction":[{"@type":"SearchAction","target":{"@type":"EntryPoint","urlTemplate":"https:\/\/staging.massisouvenir.it\/es\/?s={search_term_string}"},"query-input":{"@type":"PropertyValueSpecification","valueRequired":true,"valueName":"search_term_string"}}],"inLanguage":"es"},{"@type":"Organization","@id":"https:\/\/staging.massisouvenir.it\/es\/#organization","name":"Massisouvenir","url":"https:\/\/staging.massisouvenir.it\/es\/","logo":{"@type":"ImageObject","inLanguage":"es","@id":"https:\/\/staging.massisouvenir.it\/es\/#\/schema\/logo\/image\/","url":"https:\/\/staging.massisouvenir.it\/wp-content\/uploads\/2025\/07\/Logo-Massi-Souvenir-2018-Roma-San-Pietro-02.png","contentUrl":"https:\/\/staging.massisouvenir.it\/wp-content\/uploads\/2025\/07\/Logo-Massi-Souvenir-2018-Roma-San-Pietro-02.png","width":750,"height":489,"caption":"Massisouvenir"},"image":{"@id":"https:\/\/staging.massisouvenir.it\/es\/#\/schema\/logo\/image\/"}}]}},"_links":{"self":[{"href":"https:\/\/staging.massisouvenir.it\/es\/wp-json\/wp\/v2\/product\/3923","targetHints":{"allow":["GET"]}}],"collection":[{"href":"https:\/\/staging.massisouvenir.it\/es\/wp-json\/wp\/v2\/product"}],"about":[{"href":"https:\/\/staging.massisouvenir.it\/es\/wp-json\/wp\/v2\/types\/product"}],"wp:featuredmedia":[{"embeddable":true,"href":"https:\/\/staging.massisouvenir.it\/es\/wp-json\/wp\/v2\/media\/2606"}],"wp:attachment":[{"href":"https:\/\/staging.massisouvenir.it\/es\/wp-json\/wp\/v2\/media?parent=3923"}],"wp:term":[{"taxonomy":"product_brand","embeddable":true,"href":"https:\/\/staging.massisouvenir.it\/es\/wp-json\/wp\/v2\/product_brand?post=3923"},{"taxonomy":"product_cat","embeddable":true,"href":"https:\/\/staging.massisouvenir.it\/es\/wp-json\/wp\/v2\/product_cat?post=3923"},{"taxonomy":"product_tag","embeddable":true,"href":"https:\/\/staging.massisouvenir.it\/es\/wp-json\/wp\/v2\/product_tag?post=3923"}],"curies":[{"name":"wp","href":"https:\/\/api.w.org\/{rel}","templated":true}]}}